{"id":349,"date":"2024-01-13T23:42:47","date_gmt":"2024-01-13T23:42:47","guid":{"rendered":"https:\/\/integral-onismeret.hu\/?page_id=349"},"modified":"2024-01-13T23:43:45","modified_gmt":"2024-01-13T23:43:45","slug":"integral-szemlelet","status":"publish","type":"page","link":"https:\/\/integral-onismeret.hu\/?page_id=349","title":{"rendered":"Integr\u00e1l szeml\u00e9let"},"content":{"rendered":"\t\t<div data-elementor-type=\"wp-page\" data-elementor-id=\"349\" class=\"elementor elementor-349\">\n\t\t\t\t\t\t\t<div class=\"elementor-element elementor-element-edc3742 e-con-full e-flex e-con e-parent\" data-id=\"edc3742\" data-element_type=\"container\" data-settings=\"{&quot;content_width&quot;:&quot;full&quot;}\" data-core-v316-plus=\"true\">\n\t\t<div class=\"elementor-element elementor-element-b08f861 e-con-full e-flex e-con e-child\" data-id=\"b08f861\" data-element_type=\"container\" data-settings=\"{&quot;content_width&quot;:&quot;full&quot;}\">\n\t\t\t\t<div class=\"elementor-element elementor-element-65e7587 elementor-widget elementor-widget-heading\" data-id=\"65e7587\" data-element_type=\"widget\" data-widget_type=\"heading.default\">\n\t\t\t\t<div class=\"elementor-widget-container\">\n\t\t\t<style>\/*! elementor - v3.18.0 - 20-12-2023 *\/\n.elementor-heading-title{padding:0;margin:0;line-height:1}.elementor-widget-heading .elementor-heading-title[class*=elementor-size-]>a{color:inherit;font-size:inherit;line-height:inherit}.elementor-widget-heading .elementor-heading-title.elementor-size-small{font-size:15px}.elementor-widget-heading .elementor-heading-title.elementor-size-medium{font-size:19px}.elementor-widget-heading .elementor-heading-title.elementor-size-large{font-size:29px}.elementor-widget-heading .elementor-heading-title.elementor-size-xl{font-size:39px}.elementor-widget-heading .elementor-heading-title.elementor-size-xxl{font-size:59px}<\/style><h1 class=\"elementor-heading-title elementor-size-default\"><span id=\"docs-internal-guid-4da5d5e0-7fff-8040-e10d-4bb38083be36\"><span style=\"font-size: 26pt; font-family: Arial, sans-serif; color: rgb(0, 0, 0); background-color: transparent; font-variant-numeric: normal; font-variant-east-asian: normal; font-variant-alternates: normal; font-variant-position: normal; vertical-align: baseline;\">Integr\u00e1l szeml\u00e9let<\/span><\/span><\/h1>\t\t<\/div>\n\t\t\t\t<\/div>\n\t\t\t\t<div class=\"elementor-element elementor-element-3bb46dd elementor-widget elementor-widget-text-editor\" data-id=\"3bb46dd\" data-element_type=\"widget\" data-widget_type=\"text-editor.default\">\n\t\t\t\t<div class=\"elementor-widget-container\">\n\t\t\t<style>\/*! elementor - v3.18.0 - 20-12-2023 *\/\n.elementor-widget-text-editor.elementor-drop-cap-view-stacked .elementor-drop-cap{background-color:#69727d;color:#fff}.elementor-widget-text-editor.elementor-drop-cap-view-framed .elementor-drop-cap{color:#69727d;border:3px solid;background-color:transparent}.elementor-widget-text-editor:not(.elementor-drop-cap-view-default) .elementor-drop-cap{margin-top:8px}.elementor-widget-text-editor:not(.elementor-drop-cap-view-default) .elementor-drop-cap-letter{width:1em;height:1em}.elementor-widget-text-editor .elementor-drop-cap{float:left;text-align:center;line-height:1;font-size:50px}.elementor-widget-text-editor .elementor-drop-cap-letter{display:inline-block}<\/style>\t\t\t\t<p><span style=\"font-weight: 400;\">Az integr\u00e1l szeml\u00e9let egy olyan \u00e1tfog\u00f3 elm\u00e9let- \u00e9s gyakorlatrendszer, amelyet Ken Wilber amerikai filoz\u00f3fus \u00e9s \u00edr\u00f3 alkotott meg.<\/span><\/p><p><span style=\"font-weight: 400;\">A rendk\u00edv\u00fcl izgalmas elm\u00e9let- \u00e9s gyakorlatrendszer szak\u00e9rt\u0151i m\u00f3don szintetiz\u00e1lja a nyugati pszichoter\u00e1pi\u00e1s \u00e9s pszichol\u00f3giai ismereteket, valamint a spiritu\u00e1lis b\u00f6lcseleti hagyom\u00e1nyok tudatr\u00f3l sz\u00f3l\u00f3 tan\u00edt\u00e1sait.\u00a0Az \u00edgy kapott teljes spektrum\u00fa emberk\u00e9pet alkalmazza az \u00e9let minden ter\u00fclet\u00e9re, \u00fagy, mint a gy\u00f3gy\u00edt\u00e1s, az orvosl\u00e1s, a pszichoter\u00e1pia, a coaching, a k\u00f6zgazdas\u00e1gtan, az \u00fczleti \u00e9let, a jog, az \u00f6kol\u00f3gia, a politika \u00e9s a m\u0171v\u00e9szet.<\/span><\/p><p><span style=\"font-weight: 400;\">Az integr\u00e1l szeml\u00e9let egyszerre kelet \u00e9s nyugat, tudom\u00e1ny \u00e9s spiritualit\u00e1s (vall\u00e1s \u00e9s misztika), test \u00e9s elme, egy\u00e9n \u00e9s t\u00e1rsadalom szint\u00e9zise.\u00a0Az ember lelki \u00e9s szellemi ismeretei mellett kit\u00e9r az evol\u00faci\u00f3, a t\u00e1rsadalom, a kult\u00fara \u00e9s az \u00f6kol\u00f3gia k\u00e9rd\u00e9seire.\u00a0Integr\u00e1lja az \u0151si \u00e9vezredes b\u00f6lcseleti tud\u00e1st a modern tudom\u00e1ny ismereteivel. Az integr\u00e1lt rendszer h\u00e1tter\u00e9ben t\u00f6bb sz\u00e1z &#8211; az el\u0151bb eml\u00edtett \u2013 rendszer, \u00e9s sok ezer szakirodalom m\u00f3dszeres \u00e9s szisztematikus \u00f6sszevet\u00e9se \u00e1ll.<\/span><\/p><p><span style=\"font-weight: 400;\">Az integr\u00e1l szeml\u00e9let nem csak egy elm\u00e9let, hanem egy gyakorlat is, amely seg\u00edt abban, hogy integr\u00e1ltabb\u00e1 v\u00e1ljunk. Ez azt jelenti, hogy harmoniz\u00e1ljuk a n\u00e9gy kvadr\u00e1nsunkat, fejlesztj\u00fck a szintjeinket, egyens\u00falyozzuk a vonalainkat, elfogadjuk a t\u00edpusainkat \u00e9s megismerj\u00fck a tudat\u00e1llapotainkat. Ehhez az integr\u00e1l szeml\u00e9let k\u00fcl\u00f6nb\u00f6z\u0151 m\u00f3dszereket javasol, amelyeket n\u00e9gy f\u0151 csoportba sorol: az \u00e9bers\u00e9g gyakorl\u00e1sa, a testmozg\u00e1s, az eg\u00e9szs\u00e9ges t\u00e1pl\u00e1lkoz\u00e1s \u00e9s az \u00e1rny\u00e9kmunka. Ezek a m\u00f3dszerek seg\u00edtenek abban, hogy n\u00f6velj\u00fck az \u00e9bers\u00e9g\u00fcnket, er\u0151s\u00edts\u00fck a test\u00fcnket, t\u00e1pl\u00e1ljuk a sejtjeinket \u00e9s gy\u00f3gy\u00edtsuk a lelki sebeinket.\u00a0<\/span><\/p><p><span style=\"font-weight: 400;\">Az integr\u00e1l szeml\u00e9let teh\u00e1t egy olyan holisztikus n\u00e9z\u0151pont, amely seg\u00edt abban, hogy teljesebben l\u00e1ssuk \u00e9s \u00e9lj\u00fck az \u00e9letet. Seg\u00edt abban, hogy felfedezz\u00fck \u00e9s kifejezz\u00fck a benn\u00fcnk rejl\u0151 lehet\u0151s\u00e9geket, hogy k\u00f6nnyebben kapcsol\u00f3djunk m\u00e1sokkal \u00e9s a vil\u00e1ggal. Seg\u00edt abban, hogy n\u00f6vekedj\u00fcnk, \u00e9bredj\u00fcnk, \u00e9s bels\u0151 szabads\u00e1got \u00e9rezz\u00fcnk.<\/span><\/p>\t\t\t\t\t\t<\/div>\n\t\t\t\t<\/div>\n\t\t\t\t<\/div>\n\t\t<div class=\"elementor-element elementor-element-5a24680 e-con-full e-flex e-con e-child\" data-id=\"5a24680\" data-element_type=\"container\" data-settings=\"{&quot;content_width&quot;:&quot;full&quot;}\">\n\t\t\t\t<div class=\"elementor-element elementor-element-4f39a80 elementor-widget elementor-widget-heading\" data-id=\"4f39a80\" data-element_type=\"widget\" data-widget_type=\"heading.default\">\n\t\t\t\t<div class=\"elementor-widget-container\">\n\t\t\t<h2 class=\"elementor-heading-title elementor-size-default\">Ken Wilber<\/h2>\t\t<\/div>\n\t\t\t\t<\/div>\n\t\t\t\t<div class=\"elementor-element elementor-element-9ced8a2 elementor-widget elementor-widget-text-editor\" data-id=\"9ced8a2\" data-element_type=\"widget\" data-widget_type=\"text-editor.default\">\n\t\t\t\t<div class=\"elementor-widget-container\">\n\t\t\t\t\t\t\t<p><a href=\"http:\/\/hu.wikipedia.org\/wiki\/Ken_Wilber\"><span style=\"font-weight: 400;\">Ken Wilber<\/span><\/a><span style=\"font-weight: 400;\">\u00a01949-ben sz\u00fcletett Oklahoma City-ben Oklahoma \u00e1llamban\u00a0(USA). \u00c1ltal\u00e1nos \u00e9s k\u00f6z\u00e9piskol\u00e1it t\u00f6bb helyen v\u00e9gezte, ugyanis apja katonai p\u00e1ly\u00e1j\u00e1b\u00f3l k\u00f6vetkez\u0151en a csal\u00e1dja sokat k\u00f6lt\u00f6z\u00f6tt. Az egyetemi ismeretszerz\u00e9st az orvostudom\u00e1nnyal kezdte, majd biok\u00e9mi\u00e1ra v\u00e1ltott, de a doktori k\u00e9pz\u00e9st m\u00e1r nem fejezte be, mert nem tudott egyet\u00e9rteni a tudom\u00e1nyos szeml\u00e9let anyagk\u00f6zpont\u00fas\u00e1g\u00e1val.<\/span><\/p>\t\t\t\t\t\t<\/div>\n\t\t\t\t<\/div>\n\t\t\t\t<div class=\"elementor-element elementor-element-99337d5 elementor-widget elementor-widget-image\" data-id=\"99337d5\" data-element_type=\"widget\" data-widget_type=\"image.default\">\n\t\t\t\t<div class=\"elementor-widget-container\">\n\t\t\t<style>\/*! elementor - v3.18.0 - 20-12-2023 *\/\n.elementor-widget-image{text-align:center}.elementor-widget-image a{display:inline-block}.elementor-widget-image a img[src$=\".svg\"]{width:48px}.elementor-widget-image img{vertical-align:middle;display:inline-block}<\/style>\t\t\t\t\t\t\t\t\t\t\t\t<img fetchpriority=\"high\" decoding=\"async\" width=\"800\" height=\"450\" src=\"https:\/\/integral-onismeret.hu\/wp-content\/uploads\/2024\/01\/Ken-Wilber-1024x576.jpg\" class=\"attachment-large size-large wp-image-350\" alt=\"\" srcset=\"https:\/\/integral-onismeret.hu\/wp-content\/uploads\/2024\/01\/Ken-Wilber-1024x576.jpg 1024w, https:\/\/integral-onismeret.hu\/wp-content\/uploads\/2024\/01\/Ken-Wilber-300x169.jpg 300w, https:\/\/integral-onismeret.hu\/wp-content\/uploads\/2024\/01\/Ken-Wilber-768x432.jpg 768w, https:\/\/integral-onismeret.hu\/wp-content\/uploads\/2024\/01\/Ken-Wilber.jpg 1280w\" sizes=\"(max-width: 800px) 100vw, 800px\" \/>\t\t\t\t\t\t\t\t\t\t\t\t\t\t\t<\/div>\n\t\t\t\t<\/div>\n\t\t\t\t<div class=\"elementor-element elementor-element-75d53b9 elementor-widget elementor-widget-text-editor\" data-id=\"75d53b9\" data-element_type=\"widget\" data-widget_type=\"text-editor.default\">\n\t\t\t\t<div class=\"elementor-widget-container\">\n\t\t\t\t\t\t\t<p><span style=\"font-weight: 400;\">Wilber saj\u00e1t szellemi \u00fatj\u00e1ra l\u00e9pve \u00f6n\u00e1ll\u00f3an kezdte \u00f6sszevetni \u00e9s szint\u00e9zisbe foglalni a nyugati \u00e9s keleti tudom\u00e1nyos, filoz\u00f3fiai \u00e9s pszichol\u00f3giai ir\u00e1nyzatokat. Szellemi \u201e\u00e9hs\u00e9g\u00e9t\u201d \u00e9s kapacit\u00e1s\u00e1t j\u00f3l jellemzi, hogy\u00a0naponta 2-3 k\u00f6nyvet olvasott el, 17 \u00e9ves kor\u00e1t\u00f3l rendszeresen medit\u00e1lt, \u00e9s mind\u00f6ssze\u00a028 \u00e9ves volt, amikor 1977-ben megjelent els\u0151, nagyszab\u00e1s\u00fa tudatelm\u00e9leti k\u00f6nyve <\/span><i><span style=\"font-weight: 400;\">The Spectrum of Consciousness<\/span><\/i><span style=\"font-weight: 400;\">\u00a0(A tudat spektruma) c\u00edmmel.<\/span><\/p><p><span style=\"font-weight: 400;\">Ezzel a m\u0171vel nagy elismer\u00e9st \u00e9s heves kritik\u00e1t v\u00e1ltott ki. Tudatelm\u00e9lete a nyugati tudom\u00e1ny, a keleti \u00e9s nyugati misztika, valamint az \u0151si filoz\u00f3fia eredm\u00e9nyeit \u00f6tv\u00f6zi, \u00e9s egy \u00faj vil\u00e1gmagyar\u00e1zat alapjait rakja le. Az\u00f3ta h\u00fasz k\u00f6nyvet \u00e9s sz\u00e1mos essz\u00e9t publik\u00e1lt. Ken 1983-ban, 34 \u00e9ves kor\u00e1ban ismerte meg feles\u00e9g\u00e9t, Trey\u00e1t, aki n\u00e9h\u00e1ny \u00e9vvel k\u00e9s\u0151bb r\u00e1kban hunyt el. A betegs\u00e9ggel kapcsolatos k\u00e1lv\u00e1ri\u00e1jukat egy megrend\u00edt\u0151, szem\u00e9lyes hangulat\u00fa, ugyanakkor elm\u00e9leti szempontb\u00f3l is figyelemrem\u00e9lt\u00f3 k\u00f6nyvben (<\/span><i><span style=\"font-weight: 400;\">\u00c1ld\u00e1s \u00e9s \u00e1llhatatoss\u00e1g<\/span><\/i><span style=\"font-weight: 400;\">) osztja meg az olvas\u00f3kkal.<\/span><\/p><p><span style=\"font-weight: 400;\">Ken Wilbert a hatvanas \u00e9vekben az akkoriban alakul\u00f3 transzperszon\u00e1lis pszichol\u00f3gia legjelent\u0151sebb k\u00e9pvisel\u0151jek\u00e9nt tartott\u00e1k sz\u00e1mon, azonban t\u00faln\u0151tt annak keretein, \u00e9s l\u00e9trehozta saj\u00e1t \u00fan. \u201eintegr\u00e1l pszichol\u00f3gi\u00e1j\u00e1t\u201d. Wilber m\u0171vei napjainkban m\u00e1r vil\u00e1gszerte megjelennek, sokan korunk egyik legjelent\u0151sebb gondolkod\u00f3j\u00e1nak tartj\u00e1k.<\/span><\/p><p><span style=\"font-weight: 400;\">Jelenleg az Egyes\u00fclt \u00c1llamokbeli Denverben, Colorado \u00e1llamban \u00e9l, ahol pezsg\u0151 szellemi m\u0171hely alakult ki k\u00f6r\u00fcl\u00f6tte, \u00e9s az\u00a0\u201eIntegr\u00e1l Elm\u00e9let\u201d\u00a0l\u00e9nyeg\u00e9ben egy \u00faj ir\u00e1nyzatt\u00e1 form\u00e1l\u00f3dott. Ennek int\u00e9zm\u00e9nyek\u00e9nt Wilber 1998-ban megalap\u00edtotta az integr\u00e1l elm\u00e9let elterjeszt\u00e9s\u00e9t, r\u00e9szletes kidolgoz\u00e1s\u00e1t \u00e9s gyakorlatba \u00fcltet\u00e9s\u00e9t c\u00e9lz\u00f3 Integr\u00e1l Int\u00e9zetet (Integral Institute). A kaliforniai JFK Egyetem 2006 \u0151sz\u00e9t\u0151l k\u00edn\u00e1l el\u0151sz\u00f6r MA v\u00e9gzetts\u00e9get ad\u00f3 \u201eIntegr\u00e1l Elm\u00e9let\u201d k\u00e9pz\u00e9st. Emellett az<\/span><a href=\"http:\/\/www.integralinstitute.org\/\"><span style=\"font-weight: 400;\">\u00a0Integr\u00e1l Int\u00e9zet<\/span><\/a><span style=\"font-weight: 400;\">\u00a0szervez\u00e9s\u00e9ben folyamatosan zajlanak \u00e9l\u0151 workshopok \u00e9s online tanfolyamok, ahol az integr\u00e1l rendszert tan\u00edtj\u00e1k.<\/span><\/p><p><span style=\"font-weight: 400;\">Haz\u00e1nkban Wilbernek eddig n\u00e9gy k\u00f6nyve jelent meg, \u00e9s k\u00f6r\u00fclbel\u00fcl 2000 \u00f3ta hallgathat\u00f3k el\u0151ad\u00e1sok is a t\u00e9m\u00e1ban. Budapesten 2006-ban indult el az integr\u00e1l pszichol\u00f3gia szak, az integr\u00e1l szeml\u00e9let szisztematikus k\u00e9pz\u00e9se, majd G\u00e1nti Bence 2009-ben alap\u00edtotta meg az Integr\u00e1l Akad\u00e9mi\u00e1t. Az integr\u00e1l tan\u00e1csad\u00f3kat k\u00e9pz\u0151 integr\u00e1l pszichol\u00f3gia szak h\u00e1rom\u00e9ves k\u00e9pz\u00e9st ny\u00fajt, nyitott a laikusok \u00e9s szakemberek sz\u00e1m\u00e1ra egyar\u00e1nt. K\u00e9pz\u00e9s\u00fck \u00f6tv\u00f6zi a fels\u0151oktat\u00e1si tud\u00e1sszintet, a professzion\u00e1lis pszichol\u00f3giai kult\u00far\u00e1t, az \u00f6nfejleszt\u0151-ter\u00e1pi\u00e1s vil\u00e1got \u00e9s a meditat\u00edv spiritualit\u00e1st.<\/span><\/p><p><span style=\"font-weight: 400;\">G\u00e1nti Bence 2014-ben szervezte meg el\u0151sz\u00f6r az Integr\u00e1l Eur\u00f3pai Konferenci\u00e1t (IEC \u2013 Integral European Conference), mely k\u00e9t\u00e9vente ker\u00fcl megrendez\u00e9sre \u00e9l\u0151, online \u00e9s hibrid form\u00e1tumban egyar\u00e1nt, \u00e9s m\u00e1ra az integr\u00e1l szakemberek vil\u00e1gm\u00e9ret\u0171 szimp\u00f3zium\u00e1v\u00e1 v\u00e1lt. 2023-ban a magyar \u00e9s angol nyelv mellett m\u00e1r spanyol nyelv\u0171 modul is beker\u00fclt a programba.<\/span><\/p>\t\t\t\t\t\t<\/div>\n\t\t\t\t<\/div>\n\t\t\t\t<\/div>\n\t\t\t\t<\/div>\n\t\t\t\t\t\t\t<\/div>\n\t\t","protected":false},"excerpt":{"rendered":"<p>Integr\u00e1l szeml\u00e9let Az integr\u00e1l szeml\u00e9let egy olyan \u00e1tfog\u00f3 elm\u00e9let- \u00e9s gyakorlatrendszer, amelyet Ken Wilber amerikai filoz\u00f3fus \u00e9s \u00edr\u00f3 alkotott meg. A rendk\u00edv\u00fcl izgalmas elm\u00e9let- \u00e9s gyakorlatrendszer szak\u00e9rt\u0151i m\u00f3don szintetiz\u00e1lja a nyugati pszichoter\u00e1pi\u00e1s \u00e9s pszichol\u00f3giai ismereteket, valamint a spiritu\u00e1lis b\u00f6lcseleti hagyom\u00e1nyok tudatr\u00f3l sz\u00f3l\u00f3 tan\u00edt\u00e1sait.\u00a0Az \u00edgy kapott teljes spektrum\u00fa emberk\u00e9pet alkalmazza az \u00e9let minden ter\u00fclet\u00e9re, \u00fagy, mint [&hellip;]<\/p>\n","protected":false},"author":1,"featured_media":0,"parent":0,"menu_order":4,"comment_status":"closed","ping_status":"closed","template":"","meta":{"footnotes":""},"class_list":["post-349","page","type-page","status-publish","hentry"],"_links":{"self":[{"href":"https:\/\/integral-onismeret.hu\/index.php?rest_route=\/wp\/v2\/pages\/349","targetHints":{"allow":["GET"]}}],"collection":[{"href":"https:\/\/integral-onismeret.hu\/index.php?rest_route=\/wp\/v2\/pages"}],"about":[{"href":"https:\/\/integral-onismeret.hu\/index.php?rest_route=\/wp\/v2\/types\/page"}],"author":[{"embeddable":true,"href":"https:\/\/integral-onismeret.hu\/index.php?rest_route=\/wp\/v2\/users\/1"}],"replies":[{"embeddable":true,"href":"https:\/\/integral-onismeret.hu\/index.php?rest_route=%2Fwp%2Fv2%2Fcomments&post=349"}],"version-history":[{"count":3,"href":"https:\/\/integral-onismeret.hu\/index.php?rest_route=\/wp\/v2\/pages\/349\/revisions"}],"predecessor-version":[{"id":354,"href":"https:\/\/integral-onismeret.hu\/index.php?rest_route=\/wp\/v2\/pages\/349\/revisions\/354"}],"wp:attachment":[{"href":"https:\/\/integral-onismeret.hu\/index.php?rest_route=%2Fwp%2Fv2%2Fmedia&parent=349"}],"curies":[{"name":"wp","href":"https:\/\/api.w.org\/{rel}","templated":true}]}}