{"id":213,"date":"2024-01-13T09:21:36","date_gmt":"2024-01-13T09:21:36","guid":{"rendered":"https:\/\/integral-onismeret.hu\/?page_id=213"},"modified":"2024-01-14T22:26:18","modified_gmt":"2024-01-14T22:26:18","slug":"rolam","status":"publish","type":"page","link":"https:\/\/integral-onismeret.hu\/?page_id=213","title":{"rendered":"R\u00f3lam"},"content":{"rendered":"\t\t<div data-elementor-type=\"wp-page\" data-elementor-id=\"213\" class=\"elementor elementor-213\">\n\t\t\t\t\t\t\t<div class=\"elementor-element elementor-element-ca051b8 e-con-full e-flex e-con e-child\" data-id=\"ca051b8\" data-element_type=\"container\" data-settings=\"{&quot;content_width&quot;:&quot;full&quot;}\">\n\t\t<div class=\"elementor-element elementor-element-4b2c0a8 e-con-full e-flex e-con e-child\" data-id=\"4b2c0a8\" data-element_type=\"container\" data-settings=\"{&quot;content_width&quot;:&quot;full&quot;}\">\n\t\t\t\t<div class=\"elementor-element elementor-element-071f330 elementor-widget elementor-widget-heading\" data-id=\"071f330\" data-element_type=\"widget\" data-widget_type=\"heading.default\">\n\t\t\t\t<div class=\"elementor-widget-container\">\n\t\t\t<style>\/*! elementor - v3.18.0 - 20-12-2023 *\/\n.elementor-heading-title{padding:0;margin:0;line-height:1}.elementor-widget-heading .elementor-heading-title[class*=elementor-size-]>a{color:inherit;font-size:inherit;line-height:inherit}.elementor-widget-heading .elementor-heading-title.elementor-size-small{font-size:15px}.elementor-widget-heading .elementor-heading-title.elementor-size-medium{font-size:19px}.elementor-widget-heading .elementor-heading-title.elementor-size-large{font-size:29px}.elementor-widget-heading .elementor-heading-title.elementor-size-xl{font-size:39px}.elementor-widget-heading .elementor-heading-title.elementor-size-xxl{font-size:59px}<\/style><h1 class=\"elementor-heading-title elementor-size-default\">Ujlaki Ildi<\/h1>\t\t<\/div>\n\t\t\t\t<\/div>\n\t\t\t\t<div class=\"elementor-element elementor-element-5e38ee2 elementor-widget__width-initial elementor-widget elementor-widget-text-editor\" data-id=\"5e38ee2\" data-element_type=\"widget\" data-widget_type=\"text-editor.default\">\n\t\t\t\t<div class=\"elementor-widget-container\">\n\t\t\t<style>\/*! elementor - v3.18.0 - 20-12-2023 *\/\n.elementor-widget-text-editor.elementor-drop-cap-view-stacked .elementor-drop-cap{background-color:#69727d;color:#fff}.elementor-widget-text-editor.elementor-drop-cap-view-framed .elementor-drop-cap{color:#69727d;border:3px solid;background-color:transparent}.elementor-widget-text-editor:not(.elementor-drop-cap-view-default) .elementor-drop-cap{margin-top:8px}.elementor-widget-text-editor:not(.elementor-drop-cap-view-default) .elementor-drop-cap-letter{width:1em;height:1em}.elementor-widget-text-editor .elementor-drop-cap{float:left;text-align:center;line-height:1;font-size:50px}.elementor-widget-text-editor .elementor-drop-cap-letter{display:inline-block}<\/style>\t\t\t\t<p><strong>Integr\u00e1l \u00f6nismereti tan\u00e1csad\u00f3 \u00e9s csoportvezet\u0151<\/strong><\/p>\t\t\t\t\t\t<\/div>\n\t\t\t\t<\/div>\n\t\t\t\t<div class=\"elementor-element elementor-element-7252ffd elementor-widget elementor-widget-image\" data-id=\"7252ffd\" data-element_type=\"widget\" data-widget_type=\"image.default\">\n\t\t\t\t<div class=\"elementor-widget-container\">\n\t\t\t<style>\/*! elementor - v3.18.0 - 20-12-2023 *\/\n.elementor-widget-image{text-align:center}.elementor-widget-image a{display:inline-block}.elementor-widget-image a img[src$=\".svg\"]{width:48px}.elementor-widget-image img{vertical-align:middle;display:inline-block}<\/style>\t\t\t\t\t\t\t\t\t\t\t\t<img fetchpriority=\"high\" decoding=\"async\" width=\"800\" height=\"600\" src=\"https:\/\/integral-onismeret.hu\/wp-content\/uploads\/2024\/01\/Inta-iroda-fotel-IMG_7511-1024x768.png\" class=\"attachment-large size-large wp-image-171\" alt=\"\" srcset=\"https:\/\/integral-onismeret.hu\/wp-content\/uploads\/2024\/01\/Inta-iroda-fotel-IMG_7511-1024x768.png 1024w, https:\/\/integral-onismeret.hu\/wp-content\/uploads\/2024\/01\/Inta-iroda-fotel-IMG_7511-300x225.png 300w, https:\/\/integral-onismeret.hu\/wp-content\/uploads\/2024\/01\/Inta-iroda-fotel-IMG_7511-768x576.png 768w, https:\/\/integral-onismeret.hu\/wp-content\/uploads\/2024\/01\/Inta-iroda-fotel-IMG_7511.png 1200w\" sizes=\"(max-width: 800px) 100vw, 800px\" \/>\t\t\t\t\t\t\t\t\t\t\t\t\t\t\t<\/div>\n\t\t\t\t<\/div>\n\t\t\t\t<\/div>\n\t\t<div class=\"elementor-element elementor-element-aea7076 e-con-full e-flex e-con e-child\" data-id=\"aea7076\" data-element_type=\"container\" data-settings=\"{&quot;content_width&quot;:&quot;full&quot;}\">\n\t\t\t\t<div class=\"elementor-element elementor-element-bffeb1a elementor-widget elementor-widget-heading\" data-id=\"bffeb1a\" data-element_type=\"widget\" data-widget_type=\"heading.default\">\n\t\t\t\t<div class=\"elementor-widget-container\">\n\t\t\t<h1 class=\"elementor-heading-title elementor-size-default\">Bemutatkoz\u00e1s<\/h1>\t\t<\/div>\n\t\t\t\t<\/div>\n\t\t\t\t<div class=\"elementor-element elementor-element-d2cba58 elementor-widget elementor-widget-text-editor\" data-id=\"d2cba58\" data-element_type=\"widget\" data-widget_type=\"text-editor.default\">\n\t\t\t\t<div class=\"elementor-widget-container\">\n\t\t\t\t\t\t\t<p><span style=\"font-weight: 400;\">Integr\u00e1l tan\u00e1csad\u00f3k\u00e9nt v\u00e9geztem az Integr\u00e1l Akad\u00e9mi\u00e1n, integr\u00e1l pszichol\u00f3gia szakon, mely egy h\u00e1rom \u00e9ves elm\u00e9leti \u00e9s gyakorlati k\u00e9pz\u00e9s. Az integr\u00e1l pszichol\u00f3gia egy rendk\u00edv\u00fcl izgalmas elm\u00e9let- \u00e9s gyakorlatrendszer, amely szak\u00e9rt\u0151i m\u00f3don kapcsolja \u00f6ssze a nyugati pszichol\u00f3giai ismereteket, valamint a spiritu\u00e1lis hagyom\u00e1nyok tudatr\u00f3l sz\u00f3l\u00f3 tan\u00edt\u00e1sait.<\/span><\/p><p><span style=\"font-weight: 400;\">Egy\u00e9ni konzult\u00e1ci\u00f3im seg\u00edts\u00e9g\u00e9vel felfedezheted saj\u00e1t bels\u0151 er\u0151forr\u00e1saidat, el\u00e9rheted a boldogs\u00e1g \u00e9s \u00f6nismeret \u00faj szintjeit, \u00e9s harmonikusabb, teljesebb \u00e9letet alak\u00edthatsz ki magadnak.<\/span><\/p><p><span style=\"font-weight: 400;\">2023-ban elv\u00e9geztem G\u00e1nti Bence k\u00f6rvezet\u0151 k\u00e9pz\u00e9s\u00e9t, mely \u00f6nismereti \u00e9s szem\u00e9lyis\u00e9gfejleszt\u0151 besz\u00e9lget\u0151 k\u00f6r\u00f6k vezet\u00e9s\u00e9re k\u00e9pes\u00edt integr\u00e1l szeml\u00e9letben. 2024 tavasszal ind\u00edtom \u00f6nismereti csoportjaimat, melyr\u0151l itt a honlapon tal\u00e1lsz majd t\u00e1j\u00e9koztat\u00e1st.\u00a0<\/span><\/p><p><span style=\"font-weight: 400;\">Szakmai m\u00faltam: h\u00faszas \u00e9veimt\u0151l foglalkozom \u00f6nismerettel, pszichol\u00f3gi\u00e1val, medit\u00e1ci\u00f3val. Honti L\u00e1szl\u00f3 \u00f6nismereti csoportjaiba j\u00e1rtam \u00e9vekig, majd elk\u00f6telezett vipasszan\u00e1 gyakorl\u00f3k\u00e9nt egy tucat t\u00edznapos elvonul\u00e1son vettem r\u00e9szt medit\u00e1l\u00f3k\u00e9nt, seg\u00edt\u0151k\u00e9nt \u00e9s szervez\u0151k\u00e9nt itthon \u00e9s k\u00fclf\u00f6ld\u00f6n. Felfedeztem a j\u00f3ga k\u00fcl\u00f6nb\u00f6z\u0151 \u00e1gait, spiritu\u00e1lis tan\u00edt\u00e1sait, a magyar t\u00e1ltos hagyom\u00e1nyokat, megtapasztaltam transz \u00e9s medit\u00e1ci\u00f3s technik\u00e1kat\u00a0 V\u00f6r\u00f6s \u00c1kos, Somogyi Istv\u00e1n Karak \u00e9s m\u00e1s tan\u00edt\u00f3k elvonul\u00e1sai sor\u00e1n.<\/span><\/p><p><span style=\"font-weight: 400;\">K\u00e9t gyermekem sz\u00fcletett, \u00edgy az anyas\u00e1g ker\u00fclt a k\u00f6z\u00e9ppontba, n\u00e9h\u00e1ny vel\u00fck t\u00f6lt\u00f6tt \u00e9v ut\u00e1n 2020-ban iratkoztam be az Integr\u00e1l Akad\u00e9mi\u00e1ra, ahol megtanultam, hogyan \u00f6tv\u00f6zhet\u0151k a spiritu\u00e1lis hagyom\u00e1nyok, a vall\u00e1s \u00e9s a misztika, a medit\u00e1ci\u00f3 a pszichol\u00f3gi\u00e1val, hogyan kapcsol\u00f3dnak a pszichol\u00f3giai ir\u00e1nyzatok a tudat \u00e9s tudom\u00e1ny fejl\u0151d\u00e9s\u00e9hez a XX-XXI. sz\u00e1zadban.<\/span><\/p><p><span style=\"font-weight: 400;\">\u00c1tfog\u00f3 elm\u00e9leti tud\u00e1st szereztem az integr\u00e1l szeml\u00e9letr\u0151l, a pszichol\u00f3gia \u00e9s a spiritualit\u00e1s gyakorlatban is alkalmazhat\u00f3 elm\u00e9leteir\u0151l, tov\u00e1bb\u00e1 gyakorlati tud\u00e1st \u00e9s k\u00e9pess\u00e9get az integr\u00e1l szeml\u00e9let\u0171 tan\u00e1csad\u00f3i szint\u0171 munk\u00e1ra. A k\u00e9pz\u00e9s r\u00e9sze volt tov\u00e1bb\u00e1 a saj\u00e1t\u00e9lm\u00e9ny\u0171 ter\u00e1pi\u00e1s folyamat \u00e9s a spiritu\u00e1lis gyakorl\u00e1s megtapasztal\u00e1sa is.<\/span><\/p><p><span style=\"font-weight: 400;\">Szakdolgozatomat a ter\u00e1pi\u00e1s kapcsolatot min\u0151s\u00e9g\u00e9r\u0151l \u00e9s hat\u00f3t\u00e9nyez\u0151ir\u0151l \u00edrtam.<\/span><\/p><p><span style=\"font-weight: 400;\">Jelenlegi f\u0151\u00e1ll\u00e1som mellett egy\u00e9ni kliensekkel dolgozom, \u00e9s G\u00e1nti Benc\u00e9n\u00e9l k\u00e9pz\u0151d\u00f6m integr\u00e1l \u00f6nismereti csoportvezet\u00e9sben, valamint dr G\u00e1l Anit\u00e1n\u00e1l szimb\u00f3lumdr\u00e1ma k\u00e9pz\u00e9sben.<\/span><\/p>\t\t\t\t\t\t<\/div>\n\t\t\t\t<\/div>\n\t\t\t\t<div class=\"elementor-element elementor-element-9881bed elementor-widget elementor-widget-heading\" data-id=\"9881bed\" data-element_type=\"widget\" data-widget_type=\"heading.default\">\n\t\t\t\t<div class=\"elementor-widget-container\">\n\t\t\t<h1 class=\"elementor-heading-title elementor-size-default\">Mestereim\n<\/h1>\t\t<\/div>\n\t\t\t\t<\/div>\n\t\t\t\t<div class=\"elementor-element elementor-element-2942fa2 elementor-widget elementor-widget-text-editor\" data-id=\"2942fa2\" data-element_type=\"widget\" data-widget_type=\"text-editor.default\">\n\t\t\t\t<div class=\"elementor-widget-container\">\n\t\t\t\t\t\t\t<p>Akit\u0151l tanultam, akikn\u00e9l k\u00e9pz\u0151dtem: Honti L\u00e1szl\u00f3, Honti Marg\u00f3, Brigitte Wingelmayer, G\u00e1nti Bence, dr G\u00e1l Anita, dr M\u00e1t\u00e9 G\u00e1bor, \u00e9s az Integr\u00e1l Akad\u00e9mia tan\u00e1rai.<\/p>\t\t\t\t\t\t<\/div>\n\t\t\t\t<\/div>\n\t\t\t\t<div class=\"elementor-element elementor-element-688a1bf elementor-widget elementor-widget-heading\" data-id=\"688a1bf\" data-element_type=\"widget\" data-widget_type=\"heading.default\">\n\t\t\t\t<div class=\"elementor-widget-container\">\n\t\t\t<h1 class=\"elementor-heading-title elementor-size-default\">M\u00f3dszereim<\/h1>\t\t<\/div>\n\t\t\t\t<\/div>\n\t\t\t\t<div class=\"elementor-element elementor-element-9801bee elementor-widget elementor-widget-text-editor\" data-id=\"9801bee\" data-element_type=\"widget\" data-widget_type=\"text-editor.default\">\n\t\t\t\t<div class=\"elementor-widget-container\">\n\t\t\t\t\t\t\t<p><span style=\"font-weight: 400;\">Integr\u00e1l pszichol\u00f3giai kommunik\u00e1ci\u00f3s eszk\u00f6z\u00f6k \u00e9s m\u00f3dszerek, rogersi humanisztikus \u00e9s szem\u00e9lyk\u00f6zpont\u00fa szeml\u00e9let, bels\u0151 k\u00e9pi munka, hipno-NLP \u00e9s a dr M\u00e1t\u00e9 G\u00e1bor \u00e9s Sat Dharam Knaur \u00e1ltal kifejlesztett Egy\u00fctt\u00e9rz\u0151 felt\u00e1r\u00e1s m\u00f3dszere. Jelenleg a tudatalatti szimb\u00f3lumokkal val\u00f3 munk\u00e1ban k\u00e9pz\u0151d\u00f6m (szimb\u00f3lumdr\u00e1ma)<\/span><\/p>\t\t\t\t\t\t<\/div>\n\t\t\t\t<\/div>\n\t\t\t\t<div class=\"elementor-element elementor-element-6d9b066 elementor-widget elementor-widget-heading\" data-id=\"6d9b066\" data-element_type=\"widget\" data-widget_type=\"heading.default\">\n\t\t\t\t<div class=\"elementor-widget-container\">\n\t\t\t<h1 class=\"elementor-heading-title elementor-size-default\">Egy\u00e9ni folyamat velem<\/h1>\t\t<\/div>\n\t\t\t\t<\/div>\n\t\t\t\t<div class=\"elementor-element elementor-element-f0c55ab elementor-widget elementor-widget-text-editor\" data-id=\"f0c55ab\" data-element_type=\"widget\" data-widget_type=\"text-editor.default\">\n\t\t\t\t<div class=\"elementor-widget-container\">\n\t\t\t\t\t\t\t<p><span style=\"font-weight: 400;\">Kapcsolatban s\u00e9r\u00fcl\u00fcnk &#8211; kapcsolatban gy\u00f3gyulunk<\/span><\/p><p>\u00a0<\/p><p><span style=\"font-weight: 400;\">Mire v\u00e1gysz? Bels\u0151 b\u00e9k\u00e9re, boldogs\u00e1gra, megel\u00e9gedetts\u00e9gre, fejl\u0151d\u00e9sre,karrierre, sikerre, szerelemre,csal\u00e1dra, gyermekre\u2026 Hossz\u00fa a lista. Mi az, ami elv\u00e1laszt ett\u0151l? Mit tehetsz mindez\u00e9rt? Ez az, amit megn\u00e9z\u00fcnk az \u00f6nismereti folyamat sor\u00e1n.\u00a0<\/span><\/p><p><span style=\"font-weight: 400;\">Nincsen k\u00e9sz recept, besz\u00e9lget\u00e9seink sor\u00e1n abban t\u00e1mogatlak, hogy megtal\u00e1ld saj\u00e1t v\u00e1laszaid, \u00e9s kiteljesedj a saj\u00e1t utadon.\u00a0<\/span><\/p><p><span style=\"font-weight: 400;\">Nincs egy k\u00e9sz v\u00e1lasz sem, mely \u00f6r\u00f6kk\u00e9 \u00e9rv\u00e9nyes marad, azt is felfedezheted, hogy v\u00e1ltozol nap mint nap, h\u00e9tr\u0151l h\u00e9tre, \u00e9vr\u0151l \u00e9vre, mik azok a tanuls\u00e1gok, melyb\u0151l \u00e9p\u00edtkezhetsz, legyen az szomor\u00fa \u00e9s neh\u00e9z, vagy k\u00f6nnyed \u00e9s felszabad\u00edt\u00f3 \u00e9lm\u00e9ny, mindezek mozaikj\u00e1b\u00f3l \u00e1ll \u00f6ssze az a sz\u00ednes k\u00e9p, aki te vagy, \u00e9s rendez\u0151dik \u00e1t folyamatosan, mint egy kaleidoszk\u00f3p.<\/span><\/p><p><span style=\"font-weight: 400;\">Egy ter\u00e1pi\u00e1s folyamat l\u00e9nyeg\u00e9hez tartozik, hogy mindaz, ami egyed\u00fcl t\u00fal neh\u00e9z, t\u00fal f\u00e1jdalmas sz\u00e1modra, \u201ckik\u00f6nny\u00fcl\u201d, a kimond\u00e1s \u00e9s m\u00e9ly \u00e1t\u00e9l\u00e9s sor\u00e1n felszabadul mindaz az er\u0151 \u00e9s energia, melyekt\u0151l megfosztod magad, m\u00edg ber\u00f6gz\u00fclt mint\u00e1kat ism\u00e9telsz, egykor hasznos, de m\u00e1ra m\u00e1ra m\u00e1r g\u00e1tl\u00f3, gyermekkorban kialak\u00edtott t\u00fal\u00e9l\u00e9si technik\u00e1id haszn\u00e1lod.<\/span><\/p><p><span style=\"font-weight: 400;\">A folyamat teljesen egy\u00e9ni, t\u0151led f\u00fcgg, a mostban alakul. Vannak az\u00e9rt jellegzetes folyamatok, amelyeken \u00e1tmehetsz mindek\u00f6zben, amelyekr\u0151l tal\u00e1n m\u00e1r hallott\u00e1l, olvast\u00e1l &#8211; a bels\u0151 gyermek gy\u00f3gy\u00edt\u00e1sa, traumaold\u00e1s, karakterfix\u00e1ci\u00f3 old\u00e1s, gy\u00e1szfolyamat, kapcsolattiszt\u00e1z\u00e1s, munka a bels\u0151 szimb\u00f3lumokkal, \u00e1lmokkal..<\/span><\/p><p><span style=\"font-weight: 400;\">A ter\u00e1pi\u00e1s kapcsolat, mely mindez, a sokszor neh\u00e9z, szorongat\u00f3, vagy \u00e9pp izgalmas, lelkes\u00edt\u0151, r\u00e1j\u00f6v\u00e9sekkel teli, vagy elnyugv\u00f3, b\u00e9k\u00e9s folyamat h\u00e1tter\u00e9ben m\u0171k\u00f6dik, \u00e9s t\u00e1mogat gy\u00f3gyul\u00e1sodban, kiteljesed\u00e9sedben, ahol megtal\u00e1lhatod a teljes bizalmat, felt\u00e9tlen szeretetet \u00f6nmagad fel\u00e9, melyet \u00e9desany\u00e1d ny\u00fajtott, vagy csak v\u00e1gyt\u00e1l r\u00e1, ami\u00f3ta a vil\u00e1gra sz\u00fclett\u00e9l.<\/span><\/p><p>\u00a0<\/p><p><span style=\"font-weight: 400;\">Ha nincs konkr\u00e9t t\u00e9m\u00e1d els\u0151re, csak szeretn\u00e9l j\u00f3l \u00e9lni, kiteljesedni, m\u00e9lyebb \u00f6nismeretre v\u00e1gysz,akkor is gyere nyugodtan, \u00e9s a folyamat sor\u00e1n fog kikrist\u00e1lyosodni, mi az aktu\u00e1lis val\u00f3s\u00e1god, amire r\u00e1n\u00e9z\u00fcnk. A t\u00e9m\u00e1d kibomlik \u00f6nmag\u00e1t\u00f3l a figyelem ter\u00e9ben.<\/span><\/p><p><span style=\"font-weight: 400;\">Hogyan ?\u00a0<\/span><\/p><p><span style=\"font-weight: 400;\">elfogad\u00f3 l\u00e9gk\u00f6rben, bizalommal, \u00edt\u00e9lkez\u00e9s mentesen, k\u00edv\u00e1ncsian<\/span><\/p><p><span style=\"font-weight: 400;\">P\u00e9ld\u00e1k :\u00a0<\/span><\/p><p><span style=\"font-weight: 400;\">N\u00e9h\u00e1ny t\u00e9ma, helyzet, amivel hozz\u00e1m szoktak fordulni:<\/span><\/p><ul><li style=\"font-weight: 400;\" aria-level=\"1\"><span style=\"font-weight: 400;\">p\u00e1rkapcsolati probl\u00e9m\u00e1k, \u00f6nbizalomhi\u00e1ny, elfojtott \u00e9rzelmek, gyermekkori lelki s\u00e9r\u00fcl\u00e9sek, gy\u00e1sz, vesztes\u00e9g, v\u00e1l\u00e1s, karrierv\u00e1lt\u00e1s, \u00e9letk\u00f6z\u00e9pi v\u00e1ls\u00e1g, anyas\u00e1g, hat\u00e1rh\u00faz\u00e1s, \u00f6n\u00e9rv\u00e9nyes\u00edt\u00e9s<\/span><\/li><li style=\"font-weight: 400;\" aria-level=\"1\"><span style=\"font-weight: 400;\">fejl\u0151d\u00e9si v\u00e1gy, pszichol\u00f3giai \u00e9rdekl\u0151d\u00e9s, relax\u00e1ci\u00f3, szimb\u00f3lumokkal val\u00f3 munka ir\u00e1nti nyitotts\u00e1g<\/span><\/li><\/ul>\t\t\t\t\t\t<\/div>\n\t\t\t\t<\/div>\n\t\t\t\t<\/div>\n\t\t<div class=\"elementor-element elementor-element-010331a e-con-full e-flex e-con e-child\" data-id=\"010331a\" data-element_type=\"container\" data-settings=\"{&quot;content_width&quot;:&quot;full&quot;}\">\n\t\t\t\t<div class=\"elementor-element elementor-element-a937206 elementor-widget elementor-widget-heading\" data-id=\"a937206\" data-element_type=\"widget\" data-widget_type=\"heading.default\">\n\t\t\t\t<div class=\"elementor-widget-container\">\n\t\t\t<h1 class=\"elementor-heading-title elementor-size-default\">Keretek<\/h1>\t\t<\/div>\n\t\t\t\t<\/div>\n\t\t\t\t<div class=\"elementor-element elementor-element-f6fb48b elementor-widget elementor-widget-text-editor\" data-id=\"f6fb48b\" data-element_type=\"widget\" data-widget_type=\"text-editor.default\">\n\t\t\t\t<div class=\"elementor-widget-container\">\n\t\t\t\t\t\t\t<p><span style=\"font-weight: 400;\">Keress meg!<\/span><\/p><p><span style=\"font-weight: 400;\">Els\u0151 alkalommal \u00e1tbesz\u00e9lj\u00fck a t\u00e9m\u00e1dat, aktu\u00e1lis \u00e9lethelyzeted, \u00e9s az \u00fcl\u00e9s v\u00e9g\u00e9n \u00e1llapodunk meg a folytat\u00e1sr\u00f3l<\/span><\/p><p><span style=\"font-weight: 400;\">Egy konkr\u00e9t probl\u00e9ma, \u00e9lethelyzet felt\u00e1r\u00e1s\u00e1ra 10-12 alkalom sz\u00fcks\u00e9ges, m\u00e9ly \u00f6nismereti folyamathoz, szem\u00e9lyis\u00e9gfejl\u0151d\u00e9shez \u00e1tal\u00e1ban t\u00f6bb h\u00f3nap, ak\u00e1r 1-3 \u00e9v. Ez nem jelent elk\u00f6telez\u0151d\u00e9st, b\u00e1rmikor jelezheted, ha lez\u00e1rn\u00e1d a folyamatot, ahogyan \u00e9n is javasolhatom.<\/span><\/p><ul><li><span style=\"font-weight: 400;\">A hat\u00e9konys\u00e1ghoz heti egyszeri tal\u00e1lkoz\u00f3t aj\u00e1nlok<\/span><\/li><li><span style=\"font-weight: 400;\">Legjobban szem\u00e9lyes \u00fcl\u00e9sek m\u0171k\u00f6dnek, ahol a teljes nonverb\u00e1lis kapcsol\u00f3d\u00e1snak, k\u00f6z\u00f6s ter\u00fcnknek a min\u0151s\u00e9ge t\u00e1mogat, azonban online is tud j\u00f3l m\u0171k\u00f6dni a folyamat<\/span><\/li><li><span style=\"font-weight: 400;\">Helysz\u00edn: G\u00f6d\u00f6n, \u00e9s Budapest belv\u00e1ros\u00e1ban<\/span><\/li><\/ul>\t\t\t\t\t\t<\/div>\n\t\t\t\t<\/div>\n\t\t\t\t<\/div>\n\t\t\t\t<\/div>\n\t\t\t\t\t\t\t<\/div>\n\t\t","protected":false},"excerpt":{"rendered":"<p>Ujlaki Ildi Integr\u00e1l \u00f6nismereti tan\u00e1csad\u00f3 \u00e9s csoportvezet\u0151 Bemutatkoz\u00e1s Integr\u00e1l tan\u00e1csad\u00f3k\u00e9nt v\u00e9geztem az Integr\u00e1l Akad\u00e9mi\u00e1n, integr\u00e1l pszichol\u00f3gia szakon, mely egy h\u00e1rom \u00e9ves elm\u00e9leti \u00e9s gyakorlati k\u00e9pz\u00e9s. Az integr\u00e1l pszichol\u00f3gia egy rendk\u00edv\u00fcl izgalmas elm\u00e9let- \u00e9s gyakorlatrendszer, amely szak\u00e9rt\u0151i m\u00f3don kapcsolja \u00f6ssze a nyugati pszichol\u00f3giai ismereteket, valamint a spiritu\u00e1lis hagyom\u00e1nyok tudatr\u00f3l sz\u00f3l\u00f3 tan\u00edt\u00e1sait. Egy\u00e9ni konzult\u00e1ci\u00f3im seg\u00edts\u00e9g\u00e9vel felfedezheted saj\u00e1t [&hellip;]<\/p>\n","protected":false},"author":1,"featured_media":0,"parent":0,"menu_order":1,"comment_status":"closed","ping_status":"closed","template":"","meta":{"footnotes":""},"class_list":["post-213","page","type-page","status-publish","hentry"],"_links":{"self":[{"href":"https:\/\/integral-onismeret.hu\/index.php?rest_route=\/wp\/v2\/pages\/213","targetHints":{"allow":["GET"]}}],"collection":[{"href":"https:\/\/integral-onismeret.hu\/index.php?rest_route=\/wp\/v2\/pages"}],"about":[{"href":"https:\/\/integral-onismeret.hu\/index.php?rest_route=\/wp\/v2\/types\/page"}],"author":[{"embeddable":true,"href":"https:\/\/integral-onismeret.hu\/index.php?rest_route=\/wp\/v2\/users\/1"}],"replies":[{"embeddable":true,"href":"https:\/\/integral-onismeret.hu\/index.php?rest_route=%2Fwp%2Fv2%2Fcomments&post=213"}],"version-history":[{"count":54,"href":"https:\/\/integral-onismeret.hu\/index.php?rest_route=\/wp\/v2\/pages\/213\/revisions"}],"predecessor-version":[{"id":390,"href":"https:\/\/integral-onismeret.hu\/index.php?rest_route=\/wp\/v2\/pages\/213\/revisions\/390"}],"wp:attachment":[{"href":"https:\/\/integral-onismeret.hu\/index.php?rest_route=%2Fwp%2Fv2%2Fmedia&parent=213"}],"curies":[{"name":"wp","href":"https:\/\/api.w.org\/{rel}","templated":true}]}}